{"id":8024,"date":"2024-02-17T09:43:00","date_gmt":"2024-02-17T08:43:00","guid":{"rendered":"https:\/\/kunsthallemessmer.de\/preview\/andre-evard-price\/"},"modified":"2025-02-20T13:23:07","modified_gmt":"2025-02-20T12:23:07","slug":"andre-evard-price","status":"publish","type":"page","link":"https:\/\/kunsthallemessmer.de\/en\/preview\/andre-evard-price\/","title":{"rendered":"andr\u00e9-evard price"},"content":{"rendered":"\t\t<div data-elementor-type=\"wp-page\" data-elementor-id=\"8024\" class=\"elementor elementor-8024 elementor-8022\" data-elementor-post-type=\"page\">\n\t\t\t\t\t\t<section class=\"elementor-section elementor-top-section elementor-element elementor-element-863e38a elementor-section-boxed elementor-section-height-default elementor-section-height-default\" data-id=\"863e38a\" data-element_type=\"section\" data-e-type=\"section\">\n\t\t\t\t\t\t<div class=\"elementor-container elementor-column-gap-no\">\n\t\t\t\t\t<div class=\"elementor-column elementor-col-50 elementor-top-column elementor-element elementor-element-857c915\" data-id=\"857c915\" data-element_type=\"column\" data-e-type=\"column\">\n\t\t\t<div class=\"elementor-widget-wrap elementor-element-populated\">\n\t\t\t\t\t\t<div class=\"elementor-element elementor-element-e1fc1ac elementor-widget elementor-widget-heading\" data-id=\"e1fc1ac\" data-element_type=\"widget\" data-e-type=\"widget\" data-widget_type=\"heading.default\">\n\t\t\t\t<div class=\"elementor-widget-container\">\n\t\t\t\t\t<h2 class=\"elementor-heading-title elementor-size-large\">Call for entries for the 7th International andr\u00e9-evard Prize<\/h2>\t\t\t\t<\/div>\n\t\t\t\t<\/div>\n\t\t\t\t<section class=\"elementor-section elementor-inner-section elementor-element elementor-element-aab52db elementor-section-boxed elementor-section-height-default elementor-section-height-default\" data-id=\"aab52db\" data-element_type=\"section\" data-e-type=\"section\">\n\t\t\t\t\t\t<div class=\"elementor-container elementor-column-gap-default\">\n\t\t\t\t\t<div class=\"elementor-column elementor-col-50 elementor-inner-column elementor-element elementor-element-76f2d87\" data-id=\"76f2d87\" data-element_type=\"column\" data-e-type=\"column\">\n\t\t\t<div class=\"elementor-widget-wrap elementor-element-populated\">\n\t\t\t\t\t\t<div class=\"elementor-element elementor-element-7be0d54 elementor-widget__width-initial elementor-widget elementor-widget-image\" data-id=\"7be0d54\" data-element_type=\"widget\" data-e-type=\"widget\" data-widget_type=\"image.default\">\n\t\t\t\t<div class=\"elementor-widget-container\">\n\t\t\t\t\t\t\t\t\t\t\t\t<figure class=\"wp-caption\">\n\t\t\t\t\t\t\t\t\t\t<img fetchpriority=\"high\" decoding=\"async\" width=\"800\" height=\"983\" src=\"https:\/\/kunsthallemessmer.de\/wp-content\/uploads\/2024\/01\/769_1956_50x65cm_MF017-833x1024.jpeg\" class=\"attachment-large size-large wp-image-7158\" alt=\"\" srcset=\"https:\/\/kunsthallemessmer.de\/wp-content\/uploads\/2024\/01\/769_1956_50x65cm_MF017-833x1024.jpeg 833w, https:\/\/kunsthallemessmer.de\/wp-content\/uploads\/2024\/01\/769_1956_50x65cm_MF017-244x300.jpeg 244w, https:\/\/kunsthallemessmer.de\/wp-content\/uploads\/2024\/01\/769_1956_50x65cm_MF017-768x944.jpeg 768w, https:\/\/kunsthallemessmer.de\/wp-content\/uploads\/2024\/01\/769_1956_50x65cm_MF017-1249x1536.jpeg 1249w, https:\/\/kunsthallemessmer.de\/wp-content\/uploads\/2024\/01\/769_1956_50x65cm_MF017-1666x2048.jpeg 1666w, https:\/\/kunsthallemessmer.de\/wp-content\/uploads\/2024\/01\/769_1956_50x65cm_MF017-scaled.jpeg 1080w\" sizes=\"(max-width: 800px) 100vw, 800px\" \/>\t\t\t\t\t\t\t\t\t\t\t<figcaption class=\"widget-image-caption wp-caption-text\">Andr\u00e9 Evard, Cosmos I, 1956 \u00a9 messmer foundation<\/figcaption>\n\t\t\t\t\t\t\t\t\t\t<\/figure>\n\t\t\t\t\t\t\t\t\t<\/div>\n\t\t\t\t<\/div>\n\t\t\t\t\t<\/div>\n\t\t<\/div>\n\t\t\t\t<div class=\"elementor-column elementor-col-50 elementor-inner-column elementor-element elementor-element-efb9fdc\" data-id=\"efb9fdc\" data-element_type=\"column\" data-e-type=\"column\">\n\t\t\t<div class=\"elementor-widget-wrap elementor-element-populated\">\n\t\t\t\t\t\t<div class=\"elementor-element elementor-element-c4e942a elementor-widget elementor-widget-text-editor\" data-id=\"c4e942a\" data-element_type=\"widget\" data-e-type=\"widget\" data-widget_type=\"text-editor.default\">\n\t\t\t\t<div class=\"elementor-widget-container\">\n\t\t\t\t\t\t\t\t\t<p class=\"MsoNormal\" style=\"margin-bottom: 21pt; line-height: 150%; background-image: initial; background-position: initial; background-size: initial; background-repeat: initial; background-attachment: initial; background-origin: initial; background-clip: initial;\"><span style=\"color: black;\">For the seventh time now, kunsthalle messmer is awarding the andr\u00e9 evard prize for concrete-constructive art. <\/span><span style=\"color: black;\">From <\/span><b><span style=\"color: black;\">February 1, 2024<\/span><\/b><span style=\"color: black;\"> artists worldwide can once again apply for the popular prize for concrete-constructive art.<\/span><span style=\"color: black; background-image: initial; background-position: initial; background-size: initial; background-repeat: initial; background-attachment: initial; background-origin: initial; background-clip: initial;\"> The selected participants will be on display <b>from 26.10.2024 to 01.03.2025<\/b> in our <b>exhibition accompanying<\/b> the competition. <\/span> <\/p>\n<p class=\"MsoNormal\" style=\"margin-bottom: 21pt; line-height: 150%; background-image: initial; background-position: initial; background-size: initial; background-repeat: initial; background-attachment: initial; background-origin: initial; background-clip: initial;\"><span style=\"color: black; background-image: initial; background-position: initial; background-size: initial; background-repeat: initial; background-attachment: initial; background-origin: initial; background-clip: initial;\">The andr\u00e9-evard prize is aimed at all those contemporary artists who feel committed to concrete-constructive art and want to help it find new expression with innovative impulses<b> <\/b>.<\/span><\/p>\n\t\t\t\t\t\t\t\t<\/div>\n\t\t\t\t<\/div>\n\t\t\t\t\t<\/div>\n\t\t<\/div>\n\t\t\t\t\t<\/div>\n\t\t<\/section>\n\t\t\t\t<div class=\"elementor-element elementor-element-44a4cfd elementor-widget elementor-widget-text-editor\" data-id=\"44a4cfd\" data-element_type=\"widget\" data-e-type=\"widget\" data-widget_type=\"text-editor.default\">\n\t\t\t\t<div class=\"elementor-widget-container\">\n\t\t\t\t\t\t\t\t\t<p>This prize is dedicated to the Swiss artist Andr\u00e9 Evard (1876-1972) and his work in Concrete Art. This makes him one of the first non-figurative artists in Europe and one of the pioneers of Swiss constructivist geometric painting<\/p>\n\t\t\t\t\t\t\t\t<\/div>\n\t\t\t\t<\/div>\n\t\t\t\t<div class=\"elementor-element elementor-element-f9a02ba elementor-widget elementor-widget-spacer\" data-id=\"f9a02ba\" data-element_type=\"widget\" data-e-type=\"widget\" data-widget_type=\"spacer.default\">\n\t\t\t\t<div class=\"elementor-widget-container\">\n\t\t\t\t\t\t\t<div class=\"elementor-spacer\">\n\t\t\t<div class=\"elementor-spacer-inner\"><\/div>\n\t\t<\/div>\n\t\t\t\t\t\t<\/div>\n\t\t\t\t<\/div>\n\t\t\t\t<div class=\"elementor-element elementor-element-3021341 elementor-widget elementor-widget-heading\" data-id=\"3021341\" data-element_type=\"widget\" data-e-type=\"widget\" data-widget_type=\"heading.default\">\n\t\t\t\t<div class=\"elementor-widget-container\">\n\t\t\t\t\t<h2 class=\"elementor-heading-title elementor-size-default\">\nInformation<\/h2>\t\t\t\t<\/div>\n\t\t\t\t<\/div>\n\t\t\t\t<div class=\"elementor-element elementor-element-2f7d83c elementor-widget elementor-widget-text-editor\" data-id=\"2f7d83c\" data-element_type=\"widget\" data-e-type=\"widget\" data-widget_type=\"text-editor.default\">\n\t\t\t\t<div class=\"elementor-widget-container\">\n\t\t\t\t\t\t\t\t\t<p>The prize is endowed with a total of \u20ac10,000 and is divided as follows:<\/p>\n<p>1st place: \u20ac5,000<br \/>2nd place: \u20ac3,000 <br \/>3rd place: \u20ac2,000<br \/>Audience award: \u20ac1,000<\/p>\n<\/p>\n<p><strong>CONDITIONS OF PARTICIPATION<\/strong><\/p>\n<p>Any artist can submit a work from the field of concrete-constructive art. Works of art created after <strong>January 1, 2023<\/strong> are eligible. The two-dimensional works may not be larger than <strong>140 x 140 x 15 cm <\/strong>. Three-dimensional works (e.g. sculptures) may not exceed a height of <strong>220 cm<\/strong> and a weight of <strong>45 kg<\/strong>. The submitted works must be available for the duration of the exhibition.<\/p>\n<p>The pre-selection is made by viewing the digital material via email to info@kunsthallemessmer.de<\/p>\n<p><strong>The email must have the following content:<\/strong><\/p>\n<ul>\n<li>WORK INFORMATION (in the following order: artist&#8217;s name, title, date, technique\/material, format, proof of exhibition if applicable)<\/li>\n<li>LEBENSLAUF with photo<\/li>\n<li>WORK DESCRIPTION (approx. \u00bc page)<\/li>\n<li>HIGH RESOLUTION PHOTOGRAPHS (up to three color photographs of the object as a jpg file &#8211; each in 300 dpi <strong>and 72<\/strong>dpi)<\/li>\n<\/ul>\n<p><strong>DATES<\/strong><\/p>\n<p><strong>Application deadline is 31.05.2024.<\/strong>  Later submissions cannot be considered. The nominated artists will be announced on the kunsthalle messmer homepage and informed personally. The date for the <strong>delivery of the works<\/strong> will be announced.<\/p>\n<p><strong>Transportation: <\/strong>The costs of delivery and return transportation shall be borne by the exhibition participants.<\/p>\n<p><strong>Insurance: <\/strong>Exhibition participants are responsible for insuring their works during delivery and return transportation. During the exhibition in the Kunsthalle, kunsthalle messmer will take over the insurance.<\/p>\n<p>There is no legal recourse for the competition and awarding of prizes.<\/p>\n<p>We look forward to receiving your application!<\/p>\n<p>Best regards<br \/>J\u00fcrgen A. Messmer<\/p>\n<\/p>\n<p>Contact person: <strong>Karina Klucha M.A.<\/strong> \/ <strong>Nicole Lechler, M.A.<\/strong><br \/>| +49 (0) 7642 920 1620 | <a href=\"mailto:info@kunsthallemessmer.de\">info@kunsthallemessmer.de<\/a><\/p>\n<\/p><\/p>\n\t\t\t\t\t\t\t\t<\/div>\n\t\t\t\t<\/div>\n\t\t\t\t\t<\/div>\n\t\t<\/div>\n\t\t\t\t<div class=\"elementor-column elementor-col-50 elementor-top-column elementor-element elementor-element-611d634\" data-id=\"611d634\" data-element_type=\"column\" data-e-type=\"column\">\n\t\t\t<div class=\"elementor-widget-wrap elementor-element-populated\">\n\t\t\t\t\t\t<section class=\"elementor-section elementor-inner-section elementor-element elementor-element-b70843e elementor-section-boxed elementor-section-height-default elementor-section-height-default\" data-id=\"b70843e\" data-element_type=\"section\" data-e-type=\"section\">\n\t\t\t\t\t\t<div class=\"elementor-container elementor-column-gap-no\">\n\t\t\t\t\t<div class=\"elementor-column elementor-col-100 elementor-inner-column elementor-element elementor-element-af01bcf\" data-id=\"af01bcf\" data-element_type=\"column\" data-e-type=\"column\">\n\t\t\t<div class=\"elementor-widget-wrap elementor-element-populated\">\n\t\t\t\t\t\t<div class=\"elementor-element elementor-element-8e61692 elementor-align-center elementor-widget elementor-widget-button\" data-id=\"8e61692\" data-element_type=\"widget\" data-e-type=\"widget\" data-widget_type=\"button.default\">\n\t\t\t\t<div class=\"elementor-widget-container\">\n\t\t\t\t\t\t\t\t\t<div class=\"elementor-button-wrapper\">\n\t\t\t\t\t<a class=\"elementor-button elementor-button-link elementor-size-sm\" href=\"https:\/\/kunsthallemessmer.de\/en\/guides\/\">\n\t\t\t\t\t\t<span class=\"elementor-button-content-wrapper\">\n\t\t\t\t\t\t\t\t\t<span class=\"elementor-button-text\">To the guided tour offer<\/span>\n\t\t\t\t\t<\/span>\n\t\t\t\t\t<\/a>\n\t\t\t\t<\/div>\n\t\t\t\t\t\t\t\t<\/div>\n\t\t\t\t<\/div>\n\t\t\t\t<div class=\"elementor-element elementor-element-0323d64 elementor-widget elementor-widget-global elementor-global-6511 elementor-global-536 elementor-widget-heading\" data-id=\"0323d64\" data-element_type=\"widget\" data-e-type=\"widget\" data-widget_type=\"heading.default\">\n\t\t\t\t<div class=\"elementor-widget-container\">\n\t\t\t\t\t<h2 class=\"elementor-heading-title elementor-size-default\">Newsletter<\/h2>\t\t\t\t<\/div>\n\t\t\t\t<\/div>\n\t\t\t\t<div class=\"elementor-element elementor-element-ba51b86 elementor-widget elementor-widget-global elementor-global-6504 elementor-global-539 elementor-widget-text-editor\" data-id=\"ba51b86\" data-element_type=\"widget\" data-e-type=\"widget\" data-widget_type=\"text-editor.default\">\n\t\t\t\t<div class=\"elementor-widget-container\">\n\t\t\t\t\t\t\t\t\t<p>Our newsletter with information about our exhibitions, artists, and much more! (Free &amp; cancelable at any time)<\/p>\n\t\t\t\t\t\t\t\t<\/div>\n\t\t\t\t<\/div>\n\t\t\t\t<div class=\"elementor-element elementor-element-9394f85 elementor-button-align-stretch elementor-widget elementor-widget-global elementor-global-6523 elementor-global-542 elementor-widget-form\" data-id=\"9394f85\" data-element_type=\"widget\" data-e-type=\"widget\" data-settings=\"{&quot;step_next_label&quot;:&quot;Next&quot;,&quot;step_previous_label&quot;:&quot;Previous&quot;,&quot;step_type&quot;:&quot;number_text&quot;,&quot;step_icon_shape&quot;:&quot;circle&quot;}\" data-widget_type=\"form.default\">\n\t\t\t\t<div class=\"elementor-widget-container\">\n\t\t\t\t\t\t\t<form class=\"elementor-form\" method=\"post\" name=\"Newsletter\" aria-label=\"Newsletter\">\n\t\t\t<input type=\"hidden\" name=\"post_id\" value=\"8024\"\/>\n\t\t\t<input type=\"hidden\" name=\"form_id\" value=\"9394f85\"\/>\n\t\t\t<input type=\"hidden\" name=\"referer_title\" value=\"Kunsthalle Messmer\" \/>\n\n\t\t\t\n\t\t\t<div class=\"elementor-form-fields-wrapper elementor-labels-\">\n\t\t\t\t\t\t\t\t<div class=\"elementor-field-type-text elementor-field-group elementor-column elementor-field-group-field_9014827 elementor-col-100 elementor-field-required\">\n\t\t\t\t\t\t\t\t\t\t\t\t<label for=\"form-field-field_9014827\" class=\"elementor-field-label elementor-screen-only\">\n\t\t\t\t\t\t\t\tFirst name\t\t\t\t\t\t\t<\/label>\n\t\t\t\t\t\t\t\t\t\t\t\t\t\t<input size=\"1\" type=\"text\" name=\"form_fields[field_9014827]\" id=\"form-field-field_9014827\" class=\"elementor-field elementor-size-sm  elementor-field-textual\" placeholder=\"First name*\" required=\"required\">\n\t\t\t\t\t\t\t\t\t\t\t<\/div>\n\t\t\t\t\t\t\t\t<div class=\"elementor-field-type-text elementor-field-group elementor-column elementor-field-group-field_aea2ce3 elementor-col-100 elementor-field-required\">\n\t\t\t\t\t\t\t\t\t\t\t\t<label for=\"form-field-field_aea2ce3\" class=\"elementor-field-label elementor-screen-only\">\n\t\t\t\t\t\t\t\tLast name\t\t\t\t\t\t\t<\/label>\n\t\t\t\t\t\t\t\t\t\t\t\t\t\t<input size=\"1\" type=\"text\" name=\"form_fields[field_aea2ce3]\" id=\"form-field-field_aea2ce3\" class=\"elementor-field elementor-size-sm  elementor-field-textual\" placeholder=\"Last name*\" required=\"required\">\n\t\t\t\t\t\t\t\t\t\t\t<\/div>\n\t\t\t\t\t\t\t\t<div class=\"elementor-field-type-email elementor-field-group elementor-column elementor-field-group-email elementor-col-100 elementor-field-required\">\n\t\t\t\t\t\t\t\t\t\t\t\t<label for=\"form-field-email\" class=\"elementor-field-label elementor-screen-only\">\n\t\t\t\t\t\t\t\tE-mail\t\t\t\t\t\t\t<\/label>\n\t\t\t\t\t\t\t\t\t\t\t\t\t\t<input size=\"1\" type=\"email\" name=\"form_fields[email]\" id=\"form-field-email\" class=\"elementor-field elementor-size-sm  elementor-field-textual\" placeholder=\"Email*\" required=\"required\">\n\t\t\t\t\t\t\t\t\t\t\t<\/div>\n\t\t\t\t\t\t\t\t<div class=\"elementor-field-type-acceptance elementor-field-group elementor-column elementor-field-group-field_16072c7 elementor-col-100 elementor-field-required\">\n\t\t\t\t\t\t\t\t\t\t\t\t<label for=\"form-field-field_16072c7\" class=\"elementor-field-label elementor-screen-only\">\n\t\t\t\t\t\t\t\tAcceptance\t\t\t\t\t\t\t<\/label>\n\t\t\t\t\t\t\t\t<div class=\"elementor-field-subgroup\">\n\t\t\t<span class=\"elementor-field-option\">\n\t\t\t\t<input type=\"checkbox\" name=\"form_fields[field_16072c7]\" id=\"form-field-field_16072c7\" class=\"elementor-field elementor-size-sm  elementor-acceptance-field\" required=\"required\">\n\t\t\t\t<label for=\"form-field-field_16072c7\">I accept the privacy policy<\/label>\t\t\t<\/span>\n\t\t<\/div>\n\t\t\t\t\t\t<\/div>\n\t\t\t\t\t\t\t\t<div class=\"elementor-field-type-frcaptcha elementor-field-group elementor-column elementor-field-group-field_18e64f8 elementor-col-100\">\n\t\t\t\t\t<div class=\"frc-captcha \" data-sitekey=\"FCMPAG2TRBU7M5RB\" data-lang=\"en\" ><\/div>\n\t\t<noscript>You need to enable Javascript for the anti-spam check.<\/noscript><style>.frc-captcha {max-width: 100%; width:100%}<\/style><input type=\"frcaptcha text\" name=\"form_fields[field_18e64f8]\" id=\"form-field-field_18e64f8\" class=\"elementor-field elementor-size-sm \" style=\"display: none\">\t\t\t\t<\/div>\n\t\t\t\t\t\t\t\t<div class=\"elementor-field-group elementor-column elementor-field-type-submit elementor-col-100 e-form__buttons\">\n\t\t\t\t\t<button class=\"elementor-button elementor-size-sm\" type=\"submit\">\n\t\t\t\t\t\t<span class=\"elementor-button-content-wrapper\">\n\t\t\t\t\t\t\t\t\t\t\t\t\t\t\t\t\t\t\t\t\t\t<span class=\"elementor-button-text\">Subscribe<\/span>\n\t\t\t\t\t\t\t\t\t\t\t\t\t<\/span>\n\t\t\t\t\t<\/button>\n\t\t\t\t<\/div>\n\t\t\t<\/div>\n\t\t<\/form>\n\t\t\t\t\t\t<\/div>\n\t\t\t\t<\/div>\n\t\t\t\t<div class=\"elementor-element elementor-element-c153bfd elementor-widget-divider--view-line elementor-widget elementor-widget-global elementor-global-6525 elementor-global-545 elementor-widget-divider\" data-id=\"c153bfd\" data-element_type=\"widget\" data-e-type=\"widget\" data-widget_type=\"divider.default\">\n\t\t\t\t<div class=\"elementor-widget-container\">\n\t\t\t\t\t\t\t<div class=\"elementor-divider\">\n\t\t\t<span class=\"elementor-divider-separator\">\n\t\t\t\t\t\t<\/span>\n\t\t<\/div>\n\t\t\t\t\t\t<\/div>\n\t\t\t\t<\/div>\n\t\t\t\t<div class=\"elementor-element elementor-element-c6184d2 elementor-widget elementor-widget-global elementor-global-6548 elementor-global-811 elementor-widget-heading\" data-id=\"c6184d2\" data-element_type=\"widget\" data-e-type=\"widget\" data-widget_type=\"heading.default\">\n\t\t\t\t<div class=\"elementor-widget-container\">\n\t\t\t\t\t<h2 class=\"elementor-heading-title elementor-size-default\">Impressions<\/h2>\t\t\t\t<\/div>\n\t\t\t\t<\/div>\n\t\t\t\t<div class=\"elementor-element elementor-element-971a2b2 elementor-widget elementor-widget-global elementor-global-6572 elementor-global-821 elementor-widget-text-editor\" data-id=\"971a2b2\" data-element_type=\"widget\" data-e-type=\"widget\" data-widget_type=\"text-editor.default\">\n\t\t\t\t<div class=\"elementor-widget-container\">\n\t\t\t\t\t\t\t\t\t<p>HERMANN HESSE &#8211; Poet, painter, Nobel Prize winner<br>21.03.26 &#8211; 11.10.2026<\/p>\t\t\t\t\t\t\t\t<\/div>\n\t\t\t\t<\/div>\n\t\t\t\t<div class=\"elementor-element elementor-element-d30a190 elementor-widget elementor-widget-global elementor-global-6559 elementor-global-824 elementor-widget-image-carousel\" data-id=\"d30a190\" data-element_type=\"widget\" data-e-type=\"widget\" data-settings=\"{&quot;slides_to_show&quot;:&quot;1&quot;,&quot;navigation&quot;:&quot;none&quot;,&quot;lazyload&quot;:&quot;yes&quot;,&quot;autoplay_speed&quot;:3000,&quot;autoplay&quot;:&quot;yes&quot;,&quot;pause_on_hover&quot;:&quot;yes&quot;,&quot;pause_on_interaction&quot;:&quot;yes&quot;,&quot;infinite&quot;:&quot;yes&quot;,&quot;effect&quot;:&quot;slide&quot;,&quot;speed&quot;:500}\" data-widget_type=\"image-carousel.default\">\n\t\t\t\t<div class=\"elementor-widget-container\">\n\t\t\t\t\t\t\t<div class=\"elementor-image-carousel-wrapper swiper\" role=\"region\" aria-roledescription=\"carousel\" aria-label=\"Bild Karussell\" dir=\"ltr\">\n\t\t\t<div class=\"elementor-image-carousel swiper-wrapper\" aria-live=\"off\">\n\t\t\t\t\t\t\t\t<div class=\"swiper-slide\" role=\"group\" aria-roledescription=\"slide\" aria-label=\"1 of 6\"><figure class=\"swiper-slide-inner\"><img class=\"swiper-slide-image swiper-lazy\" data-src=\"https:\/\/kunsthallemessmer.de\/wp-content\/uploads\/2026\/03\/KK-Hesse-2-768x576.jpg\" alt=\"KK Hesse 2\" \/><div class=\"swiper-lazy-preloader\"><\/div><\/figure><\/div><div class=\"swiper-slide\" role=\"group\" aria-roledescription=\"slide\" aria-label=\"2 of 6\"><figure class=\"swiper-slide-inner\"><img class=\"swiper-slide-image swiper-lazy\" data-src=\"https:\/\/kunsthallemessmer.de\/wp-content\/uploads\/2025\/10\/V-LC-4-768x576.jpg\" alt=\"V LC 4\" \/><div class=\"swiper-lazy-preloader\"><\/div><\/figure><\/div><div class=\"swiper-slide\" role=\"group\" aria-roledescription=\"slide\" aria-label=\"3 of 6\"><figure class=\"swiper-slide-inner\"><img class=\"swiper-slide-image swiper-lazy\" data-src=\"https:\/\/kunsthallemessmer.de\/wp-content\/uploads\/2026\/03\/KK-Hesse-1-768x576.jpg\" alt=\"KK Hesse 1\" \/><div class=\"swiper-lazy-preloader\"><\/div><\/figure><\/div><div class=\"swiper-slide\" role=\"group\" aria-roledescription=\"slide\" aria-label=\"4 of 6\"><figure class=\"swiper-slide-inner\"><img class=\"swiper-slide-image swiper-lazy\" data-src=\"https:\/\/kunsthallemessmer.de\/wp-content\/uploads\/2025\/11\/Fuehrung-Schueler-3-18.11-768x576.jpg\" alt=\"F\u00fchrung Sch\u00fcler 3 18.11\" \/><div class=\"swiper-lazy-preloader\"><\/div><\/figure><\/div><div class=\"swiper-slide\" role=\"group\" aria-roledescription=\"slide\" aria-label=\"5 of 6\"><figure class=\"swiper-slide-inner\"><img class=\"swiper-slide-image swiper-lazy\" data-src=\"https:\/\/kunsthallemessmer.de\/wp-content\/uploads\/2025\/11\/Fuehrung-Schueler-18.11-768x576.jpg\" alt=\"F\u00fchrung Sch\u00fcler 18.11\" \/><div class=\"swiper-lazy-preloader\"><\/div><\/figure><\/div><div class=\"swiper-slide\" role=\"group\" aria-roledescription=\"slide\" aria-label=\"6 of 6\"><figure class=\"swiper-slide-inner\"><img class=\"swiper-slide-image swiper-lazy\" data-src=\"https:\/\/kunsthallemessmer.de\/wp-content\/uploads\/2025\/11\/Fuehrung-Schueler-2-18.11-768x576.jpg\" alt=\"F\u00fchrung Sch\u00fcler 2 18.11\" \/><div class=\"swiper-lazy-preloader\"><\/div><\/figure><\/div>\t\t\t<\/div>\n\t\t\t\t\t\t\t\n\t\t\t\t\t\t\t\t\t<\/div>\n\t\t\t\t\t\t<\/div>\n\t\t\t\t<\/div>\n\t\t\t\t<div class=\"elementor-element elementor-element-258ed8c elementor-widget-divider--view-line elementor-widget elementor-widget-global elementor-global-6525 elementor-global-545 elementor-widget-divider\" data-id=\"258ed8c\" data-element_type=\"widget\" data-e-type=\"widget\" data-widget_type=\"divider.default\">\n\t\t\t\t<div class=\"elementor-widget-container\">\n\t\t\t\t\t\t\t<div class=\"elementor-divider\">\n\t\t\t<span class=\"elementor-divider-separator\">\n\t\t\t\t\t\t<\/span>\n\t\t<\/div>\n\t\t\t\t\t\t<\/div>\n\t\t\t\t<\/div>\n\t\t\t\t<div class=\"elementor-element elementor-element-07931de elementor-widget elementor-widget-global elementor-global-6535 elementor-global-557 elementor-widget-image\" data-id=\"07931de\" data-element_type=\"widget\" data-e-type=\"widget\" data-widget_type=\"image.default\">\n\t\t\t\t<div class=\"elementor-widget-container\">\n\t\t\t\t\t\t\t\t\t\t\t\t\t\t\t<img decoding=\"async\" width=\"800\" height=\"144\" src=\"https:\/\/kunsthallemessmer.de\/wp-content\/uploads\/2022\/04\/kunsthalle_messmer_pos-2-1024x184.jpg\" class=\"attachment-large size-large wp-image-2810\" alt=\"\" srcset=\"https:\/\/kunsthallemessmer.de\/wp-content\/uploads\/2022\/04\/kunsthalle_messmer_pos-2-1024x184.jpg 1024w, https:\/\/kunsthallemessmer.de\/wp-content\/uploads\/2022\/04\/kunsthalle_messmer_pos-2-300x54.jpg 300w, https:\/\/kunsthallemessmer.de\/wp-content\/uploads\/2022\/04\/kunsthalle_messmer_pos-2-768x138.jpg 768w, https:\/\/kunsthallemessmer.de\/wp-content\/uploads\/2022\/04\/kunsthalle_messmer_pos-2-1536x276.jpg 1536w, https:\/\/kunsthallemessmer.de\/wp-content\/uploads\/2022\/04\/kunsthalle_messmer_pos-2-2048x369.jpg 2048w\" sizes=\"(max-width: 800px) 100vw, 800px\" \/>\t\t\t\t\t\t\t\t\t\t\t\t\t\t\t<\/div>\n\t\t\t\t<\/div>\n\t\t\t\t<div class=\"elementor-element elementor-element-f20c93a elementor-widget elementor-widget-global elementor-global-6543 elementor-global-560 elementor-widget-text-editor\" data-id=\"f20c93a\" data-element_type=\"widget\" data-e-type=\"widget\" data-widget_type=\"text-editor.default\">\n\t\t\t\t<div class=\"elementor-widget-container\">\n\t\t\t\t\t\t\t\t\t<aside id=\"secondary\" class=\"sidebar widget-area\" role=\"complementary\">\n<section id=\"text-2\" class=\"widget widget_text\">\n<div class=\"textwidget\">\n<p>Grossherzog-Leopold-Platz 1<br \/>79359 Riegel am Kaiserstuhl<\/p>\n<p><a href=\"tel:+4976429201620\">+49 (0) 7642 920 162 0 <\/a><br \/><a href=\"mailto:info@kunsthallemessmer.de\">info@kunsthallemessmer.de<\/a><br \/>Tue &#8211; Sun, public holidays 10:00 &#8211; 17:00<\/p>\n<\/div>\n<\/section>\n<\/aside>\n\t\t\t\t\t\t\t\t<\/div>\n\t\t\t\t<\/div>\n\t\t\t\t<div class=\"elementor-element elementor-element-c9b12a7 elementor-widget-divider--view-line elementor-widget elementor-widget-global elementor-global-6525 elementor-global-545 elementor-widget-divider\" data-id=\"c9b12a7\" data-element_type=\"widget\" data-e-type=\"widget\" data-widget_type=\"divider.default\">\n\t\t\t\t<div class=\"elementor-widget-container\">\n\t\t\t\t\t\t\t<div class=\"elementor-divider\">\n\t\t\t<span class=\"elementor-divider-separator\">\n\t\t\t\t\t\t<\/span>\n\t\t<\/div>\n\t\t\t\t\t\t<\/div>\n\t\t\t\t<\/div>\n\t\t\t\t<div class=\"elementor-element elementor-element-bdff550 elementor-widget__width-initial elementor-widget elementor-widget-global elementor-global-6524 elementor-global-548 elementor-widget-heading\" data-id=\"bdff550\" data-element_type=\"widget\" data-e-type=\"widget\" data-widget_type=\"heading.default\">\n\t\t\t\t<div class=\"elementor-widget-container\">\n\t\t\t\t\t<h2 class=\"elementor-heading-title elementor-size-large\"><a href=\"http:\/\/galerie-messmer.de\/\" target=\"_blank\">Please also visit the <b>GALERIE <span style=\"color: #ff0000\">MESSMER<\/span><\/b><\/a><\/h2>\t\t\t\t<\/div>\n\t\t\t\t<\/div>\n\t\t\t\t<div class=\"elementor-element elementor-element-f2d4df0 elementor-widget elementor-widget-global elementor-global-6540 elementor-global-551 elementor-widget-text-editor\" data-id=\"f2d4df0\" data-element_type=\"widget\" data-e-type=\"widget\" data-widget_type=\"text-editor.default\">\n\t\t\t\t<div class=\"elementor-widget-container\">\n\t\t\t\t\t\t\t\t\t<p>Yoshiyuki Miura &#8211; The power of silence<\/p>\n<p>01.02.2026 &#8211; 12.04.2026<\/p>\t\t\t\t\t\t\t\t<\/div>\n\t\t\t\t<\/div>\n\t\t\t\t<div class=\"elementor-element elementor-element-d50db73 elementor-widget elementor-widget-global elementor-global-6617 elementor-global-4526 elementor-widget-image-carousel\" data-id=\"d50db73\" data-element_type=\"widget\" data-e-type=\"widget\" data-settings=\"{&quot;slides_to_show&quot;:&quot;1&quot;,&quot;navigation&quot;:&quot;none&quot;,&quot;lazyload&quot;:&quot;yes&quot;,&quot;autoplay_speed&quot;:2000,&quot;autoplay&quot;:&quot;yes&quot;,&quot;pause_on_hover&quot;:&quot;yes&quot;,&quot;pause_on_interaction&quot;:&quot;yes&quot;,&quot;infinite&quot;:&quot;yes&quot;,&quot;effect&quot;:&quot;slide&quot;,&quot;speed&quot;:500}\" data-widget_type=\"image-carousel.default\">\n\t\t\t\t<div class=\"elementor-widget-container\">\n\t\t\t\t\t\t\t<div class=\"elementor-image-carousel-wrapper swiper\" role=\"region\" aria-roledescription=\"carousel\" aria-label=\"Bild Karussell\" dir=\"ltr\">\n\t\t\t<div class=\"elementor-image-carousel swiper-wrapper\" aria-live=\"off\">\n\t\t\t\t\t\t\t\t<div class=\"swiper-slide\" role=\"group\" aria-roledescription=\"slide\" aria-label=\"1 of 4\"><a data-elementor-open-lightbox=\"yes\" data-elementor-lightbox-slideshow=\"d50db73\" data-e-action-hash=\"#elementor-action%3Aaction%3Dlightbox%26settings%3DeyJpZCI6MTA5NTksInVybCI6Imh0dHBzOlwvXC9rdW5zdGhhbGxlbWVzc21lci5kZVwvd3AtY29udGVudFwvdXBsb2Fkc1wvMjAyNlwvMDFcL0JsYXVlcy1FbGxpcHNvaWQuanBnIiwic2xpZGVzaG93IjoiZDUwZGI3MyJ9\" href=\"https:\/\/www.galerie-messmer.de\/\" target=\"_blank\"><figure class=\"swiper-slide-inner\"><img class=\"swiper-slide-image swiper-lazy\" data-src=\"https:\/\/kunsthallemessmer.de\/wp-content\/uploads\/2026\/01\/Blaues-Ellipsoid-768x584.jpg\" alt=\"Blaues Ellipsoid\" \/><div class=\"swiper-lazy-preloader\"><\/div><\/figure><\/a><\/div><div class=\"swiper-slide\" role=\"group\" aria-roledescription=\"slide\" aria-label=\"2 of 4\"><a data-elementor-open-lightbox=\"yes\" data-elementor-lightbox-slideshow=\"d50db73\" data-e-action-hash=\"#elementor-action%3Aaction%3Dlightbox%26settings%3DeyJpZCI6MTA5NzEsInVybCI6Imh0dHBzOlwvXC9rdW5zdGhhbGxlbWVzc21lci5kZVwvd3AtY29udGVudFwvdXBsb2Fkc1wvMjAyNlwvMDFcL1JvdGUtTGluc2VuLU9iamVrdC1LcmVpczIwMjUtUm90ZS1MaW5zZW4tR2xhcy1BbHVtaW5pdW0tNDd4NDd4MTBjbS0uanBnIiwic2xpZGVzaG93IjoiZDUwZGI3MyJ9\" href=\"https:\/\/www.galerie-messmer.de\/\" target=\"_blank\"><figure class=\"swiper-slide-inner\"><img class=\"swiper-slide-image swiper-lazy\" data-src=\"https:\/\/kunsthallemessmer.de\/wp-content\/uploads\/2026\/01\/Rote-Linsen-Objekt-Kreis2025-Rote-Linsen-Glas-Aluminium-47x47x10cm--768x761.jpg\" alt=\"Rote Linsen Objekt Kreis,2025, Rote Linsen, Glas, Aluminium, 47x47x10cm\" \/><div class=\"swiper-lazy-preloader\"><\/div><\/figure><\/a><\/div><div class=\"swiper-slide\" role=\"group\" aria-roledescription=\"slide\" aria-label=\"3 of 4\"><a data-elementor-open-lightbox=\"yes\" data-elementor-lightbox-slideshow=\"d50db73\" data-e-action-hash=\"#elementor-action%3Aaction%3Dlightbox%26settings%3DeyJpZCI6MTA5ODMsInVybCI6Imh0dHBzOlwvXC9rdW5zdGhhbGxlbWVzc21lci5kZVwvd3AtY29udGVudFwvdXBsb2Fkc1wvMjAyNlwvMDFcL1JvdGUtS3VnZWwtMjAyNC1FZGVsc3RhaGxkcmFlaHRlLXJvdC1sYWNraWVydC0xNi14LTE2LXgtMTYtY20ucG5nIiwic2xpZGVzaG93IjoiZDUwZGI3MyJ9\" href=\"https:\/\/www.galerie-messmer.de\/\" target=\"_blank\"><figure class=\"swiper-slide-inner\"><img class=\"swiper-slide-image swiper-lazy\" data-src=\"https:\/\/kunsthallemessmer.de\/wp-content\/uploads\/2026\/01\/Rote-Kugel-2024-Edelstahldraehte-rot-lackiert-16-x-16-x-16-cm.png\" alt=\"Rote Kugel, 2024, Edelstahldr\u00e4hte, rot lackiert, 16 x 16 x 16 cm\" \/><div class=\"swiper-lazy-preloader\"><\/div><\/figure><\/a><\/div><div class=\"swiper-slide\" role=\"group\" aria-roledescription=\"slide\" aria-label=\"4 of 4\"><a data-elementor-open-lightbox=\"yes\" data-elementor-lightbox-slideshow=\"d50db73\" data-e-action-hash=\"#elementor-action%3Aaction%3Dlightbox%26settings%3DeyJpZCI6MTA5NzksInVybCI6Imh0dHBzOlwvXC9rdW5zdGhhbGxlbWVzc21lci5kZVwvd3AtY29udGVudFwvdXBsb2Fkc1wvMjAyNlwvMDFcL1JlaXMtT2JqZWt0LUtyZWlzLTIwMjUtUmVpcy1HbGFzLUFsdW1pbml1bS04MDZ4ODA2eDEwY20tS29waWUuanBnIiwic2xpZGVzaG93IjoiZDUwZGI3MyJ9\" href=\"https:\/\/www.galerie-messmer.de\/\" target=\"_blank\"><figure class=\"swiper-slide-inner\"><img class=\"swiper-slide-image swiper-lazy\" data-src=\"https:\/\/kunsthallemessmer.de\/wp-content\/uploads\/2026\/01\/Reis-Objekt-Kreis-2025-Reis-Glas-Aluminium-806x806x10cm-Kopie-768x768.jpg\" alt=\"Reis Objekt Kreis, 2025, Reis, Glas, Aluminium, 80,6x80,6x10cm - Kopie\" \/><div class=\"swiper-lazy-preloader\"><\/div><\/figure><\/a><\/div>\t\t\t<\/div>\n\t\t\t\t\t\t\t\n\t\t\t\t\t\t\t\t\t<\/div>\n\t\t\t\t\t\t<\/div>\n\t\t\t\t<\/div>\n\t\t\t\t\t<\/div>\n\t\t<\/div>\n\t\t\t\t\t<\/div>\n\t\t<\/section>\n\t\t\t\t\t<\/div>\n\t\t<\/div>\n\t\t\t\t\t<\/div>\n\t\t<\/section>\n\t\t\t\t<\/div>\n\t\t","protected":false},"excerpt":{"rendered":"<p>Call for entries for the 7th International andr\u00e9-evard Prize Andr\u00e9 Evard, Cosmos I, 1956 \u00a9 messmer foundation For the seventh time now, kunsthalle messmer is awarding the andr\u00e9 evard prize for concrete-constructive art. From February 1, 2024 artists worldwide can once again apply for the popular prize for concrete-constructive art. The selected participants will be [&hellip;]<\/p>\n","protected":false},"author":3,"featured_media":0,"parent":4420,"menu_order":0,"comment_status":"closed","ping_status":"closed","template":"","meta":{"footnotes":""},"class_list":["post-8024","page","type-page","status-publish","hentry"],"yoast_head":"<!-- This site is optimized with the Yoast SEO plugin v27.5 - https:\/\/yoast.com\/product\/yoast-seo-wordpress\/ -->\n<title>andr\u00e9-evard price - Kunsthalle Messmer<\/title>\n<meta name=\"robots\" content=\"index, follow, max-snippet:-1, max-image-preview:large, max-video-preview:-1\" \/>\n<link rel=\"canonical\" href=\"https:\/\/kunsthallemessmer.de\/en\/preview\/andre-evard-price\/\" \/>\n<meta property=\"og:locale\" content=\"en_US\" \/>\n<meta property=\"og:type\" content=\"article\" \/>\n<meta property=\"og:title\" content=\"andr\u00e9-evard price - Kunsthalle Messmer\" \/>\n<meta property=\"og:description\" content=\"Call for entries for the 7th International andr\u00e9-evard Prize Andr\u00e9 Evard, Cosmos I, 1956 \u00a9 messmer foundation For the seventh time now, kunsthalle messmer is awarding the andr\u00e9 evard prize for concrete-constructive art. From February 1, 2024 artists worldwide can once again apply for the popular prize for concrete-constructive art. The selected participants will be [&hellip;]\" \/>\n<meta property=\"og:url\" content=\"https:\/\/kunsthallemessmer.de\/en\/preview\/andre-evard-price\/\" \/>\n<meta property=\"og:site_name\" content=\"Kunsthalle Messmer\" \/>\n<meta property=\"article:modified_time\" content=\"2025-02-20T12:23:07+00:00\" \/>\n<meta property=\"og:image\" content=\"https:\/\/kunsthallemessmer.de\/wp-content\/uploads\/2024\/01\/769_1956_50x65cm_MF017-833x1024.jpeg\" \/>\n<meta name=\"twitter:card\" content=\"summary_large_image\" \/>\n<meta name=\"twitter:label1\" content=\"Est. reading time\" \/>\n\t<meta name=\"twitter:data1\" content=\"2 minutes\" \/>\n<script type=\"application\/ld+json\" class=\"yoast-schema-graph\">{\"@context\":\"https:\\\/\\\/schema.org\",\"@graph\":[{\"@type\":\"WebPage\",\"@id\":\"https:\\\/\\\/kunsthallemessmer.de\\\/en\\\/preview\\\/andre-evard-price\\\/\",\"url\":\"https:\\\/\\\/kunsthallemessmer.de\\\/en\\\/preview\\\/andre-evard-price\\\/\",\"name\":\"andr\u00e9-evard price - Kunsthalle Messmer\",\"isPartOf\":{\"@id\":\"https:\\\/\\\/kunsthallemessmer.de\\\/en\\\/#website\"},\"primaryImageOfPage\":{\"@id\":\"https:\\\/\\\/kunsthallemessmer.de\\\/en\\\/preview\\\/andre-evard-price\\\/#primaryimage\"},\"image\":{\"@id\":\"https:\\\/\\\/kunsthallemessmer.de\\\/en\\\/preview\\\/andre-evard-price\\\/#primaryimage\"},\"thumbnailUrl\":\"https:\\\/\\\/kunsthallemessmer.de\\\/wp-content\\\/uploads\\\/2024\\\/01\\\/769_1956_50x65cm_MF017-833x1024.jpeg\",\"datePublished\":\"2024-02-17T08:43:00+00:00\",\"dateModified\":\"2025-02-20T12:23:07+00:00\",\"breadcrumb\":{\"@id\":\"https:\\\/\\\/kunsthallemessmer.de\\\/en\\\/preview\\\/andre-evard-price\\\/#breadcrumb\"},\"inLanguage\":\"en-US\",\"potentialAction\":[{\"@type\":\"ReadAction\",\"target\":[\"https:\\\/\\\/kunsthallemessmer.de\\\/en\\\/preview\\\/andre-evard-price\\\/\"]}]},{\"@type\":\"ImageObject\",\"inLanguage\":\"en-US\",\"@id\":\"https:\\\/\\\/kunsthallemessmer.de\\\/en\\\/preview\\\/andre-evard-price\\\/#primaryimage\",\"url\":\"https:\\\/\\\/kunsthallemessmer.de\\\/wp-content\\\/uploads\\\/2024\\\/01\\\/769_1956_50x65cm_MF017-833x1024.jpeg\",\"contentUrl\":\"https:\\\/\\\/kunsthallemessmer.de\\\/wp-content\\\/uploads\\\/2024\\\/01\\\/769_1956_50x65cm_MF017-833x1024.jpeg\"},{\"@type\":\"BreadcrumbList\",\"@id\":\"https:\\\/\\\/kunsthallemessmer.de\\\/en\\\/preview\\\/andre-evard-price\\\/#breadcrumb\",\"itemListElement\":[{\"@type\":\"ListItem\",\"position\":1,\"name\":\"Startseite\",\"item\":\"https:\\\/\\\/kunsthallemessmer.de\\\/en\\\/preview\\\/\"},{\"@type\":\"ListItem\",\"position\":2,\"name\":\"Current\",\"item\":\"https:\\\/\\\/kunsthallemessmer.de\\\/en\\\/preview\\\/\"},{\"@type\":\"ListItem\",\"position\":3,\"name\":\"andr\u00e9-evard price\"}]},{\"@type\":\"WebSite\",\"@id\":\"https:\\\/\\\/kunsthallemessmer.de\\\/en\\\/#website\",\"url\":\"https:\\\/\\\/kunsthallemessmer.de\\\/en\\\/\",\"name\":\"Kunsthalle Messmer\",\"description\":\"Riegel am Kaiserstuhl\",\"publisher\":{\"@id\":\"https:\\\/\\\/kunsthallemessmer.de\\\/en\\\/#organization\"},\"potentialAction\":[{\"@type\":\"SearchAction\",\"target\":{\"@type\":\"EntryPoint\",\"urlTemplate\":\"https:\\\/\\\/kunsthallemessmer.de\\\/en\\\/?s={search_term_string}\"},\"query-input\":{\"@type\":\"PropertyValueSpecification\",\"valueRequired\":true,\"valueName\":\"search_term_string\"}}],\"inLanguage\":\"en-US\"},{\"@type\":\"Organization\",\"@id\":\"https:\\\/\\\/kunsthallemessmer.de\\\/en\\\/#organization\",\"name\":\"Kunsthalle Messmer\",\"url\":\"https:\\\/\\\/kunsthallemessmer.de\\\/en\\\/\",\"logo\":{\"@type\":\"ImageObject\",\"inLanguage\":\"en-US\",\"@id\":\"https:\\\/\\\/kunsthallemessmer.de\\\/en\\\/#\\\/schema\\\/logo\\\/image\\\/\",\"url\":\"https:\\\/\\\/kunsthallemessmer.de\\\/wp-content\\\/uploads\\\/2022\\\/04\\\/kunsthalle_messmer_pos-2-png.png\",\"contentUrl\":\"https:\\\/\\\/kunsthallemessmer.de\\\/wp-content\\\/uploads\\\/2022\\\/04\\\/kunsthalle_messmer_pos-2-png.png\",\"width\":2412,\"height\":434,\"caption\":\"Kunsthalle Messmer\"},\"image\":{\"@id\":\"https:\\\/\\\/kunsthallemessmer.de\\\/en\\\/#\\\/schema\\\/logo\\\/image\\\/\"}}]}<\/script>\n<!-- \/ Yoast SEO plugin. -->","yoast_head_json":{"title":"andr\u00e9-evard price - Kunsthalle Messmer","robots":{"index":"index","follow":"follow","max-snippet":"max-snippet:-1","max-image-preview":"max-image-preview:large","max-video-preview":"max-video-preview:-1"},"canonical":"https:\/\/kunsthallemessmer.de\/en\/preview\/andre-evard-price\/","og_locale":"en_US","og_type":"article","og_title":"andr\u00e9-evard price - Kunsthalle Messmer","og_description":"Call for entries for the 7th International andr\u00e9-evard Prize Andr\u00e9 Evard, Cosmos I, 1956 \u00a9 messmer foundation For the seventh time now, kunsthalle messmer is awarding the andr\u00e9 evard prize for concrete-constructive art. From February 1, 2024 artists worldwide can once again apply for the popular prize for concrete-constructive art. The selected participants will be [&hellip;]","og_url":"https:\/\/kunsthallemessmer.de\/en\/preview\/andre-evard-price\/","og_site_name":"Kunsthalle Messmer","article_modified_time":"2025-02-20T12:23:07+00:00","og_image":[{"url":"https:\/\/kunsthallemessmer.de\/wp-content\/uploads\/2024\/01\/769_1956_50x65cm_MF017-833x1024.jpeg","type":"","width":"","height":""}],"twitter_card":"summary_large_image","twitter_misc":{"Est. reading time":"2 minutes"},"schema":{"@context":"https:\/\/schema.org","@graph":[{"@type":"WebPage","@id":"https:\/\/kunsthallemessmer.de\/en\/preview\/andre-evard-price\/","url":"https:\/\/kunsthallemessmer.de\/en\/preview\/andre-evard-price\/","name":"andr\u00e9-evard price - Kunsthalle Messmer","isPartOf":{"@id":"https:\/\/kunsthallemessmer.de\/en\/#website"},"primaryImageOfPage":{"@id":"https:\/\/kunsthallemessmer.de\/en\/preview\/andre-evard-price\/#primaryimage"},"image":{"@id":"https:\/\/kunsthallemessmer.de\/en\/preview\/andre-evard-price\/#primaryimage"},"thumbnailUrl":"https:\/\/kunsthallemessmer.de\/wp-content\/uploads\/2024\/01\/769_1956_50x65cm_MF017-833x1024.jpeg","datePublished":"2024-02-17T08:43:00+00:00","dateModified":"2025-02-20T12:23:07+00:00","breadcrumb":{"@id":"https:\/\/kunsthallemessmer.de\/en\/preview\/andre-evard-price\/#breadcrumb"},"inLanguage":"en-US","potentialAction":[{"@type":"ReadAction","target":["https:\/\/kunsthallemessmer.de\/en\/preview\/andre-evard-price\/"]}]},{"@type":"ImageObject","inLanguage":"en-US","@id":"https:\/\/kunsthallemessmer.de\/en\/preview\/andre-evard-price\/#primaryimage","url":"https:\/\/kunsthallemessmer.de\/wp-content\/uploads\/2024\/01\/769_1956_50x65cm_MF017-833x1024.jpeg","contentUrl":"https:\/\/kunsthallemessmer.de\/wp-content\/uploads\/2024\/01\/769_1956_50x65cm_MF017-833x1024.jpeg"},{"@type":"BreadcrumbList","@id":"https:\/\/kunsthallemessmer.de\/en\/preview\/andre-evard-price\/#breadcrumb","itemListElement":[{"@type":"ListItem","position":1,"name":"Startseite","item":"https:\/\/kunsthallemessmer.de\/en\/preview\/"},{"@type":"ListItem","position":2,"name":"Current","item":"https:\/\/kunsthallemessmer.de\/en\/preview\/"},{"@type":"ListItem","position":3,"name":"andr\u00e9-evard price"}]},{"@type":"WebSite","@id":"https:\/\/kunsthallemessmer.de\/en\/#website","url":"https:\/\/kunsthallemessmer.de\/en\/","name":"Kunsthalle Messmer","description":"Riegel am Kaiserstuhl","publisher":{"@id":"https:\/\/kunsthallemessmer.de\/en\/#organization"},"potentialAction":[{"@type":"SearchAction","target":{"@type":"EntryPoint","urlTemplate":"https:\/\/kunsthallemessmer.de\/en\/?s={search_term_string}"},"query-input":{"@type":"PropertyValueSpecification","valueRequired":true,"valueName":"search_term_string"}}],"inLanguage":"en-US"},{"@type":"Organization","@id":"https:\/\/kunsthallemessmer.de\/en\/#organization","name":"Kunsthalle Messmer","url":"https:\/\/kunsthallemessmer.de\/en\/","logo":{"@type":"ImageObject","inLanguage":"en-US","@id":"https:\/\/kunsthallemessmer.de\/en\/#\/schema\/logo\/image\/","url":"https:\/\/kunsthallemessmer.de\/wp-content\/uploads\/2022\/04\/kunsthalle_messmer_pos-2-png.png","contentUrl":"https:\/\/kunsthallemessmer.de\/wp-content\/uploads\/2022\/04\/kunsthalle_messmer_pos-2-png.png","width":2412,"height":434,"caption":"Kunsthalle Messmer"},"image":{"@id":"https:\/\/kunsthallemessmer.de\/en\/#\/schema\/logo\/image\/"}}]}},"_links":{"self":[{"href":"https:\/\/kunsthallemessmer.de\/en\/wp-json\/wp\/v2\/pages\/8024","targetHints":{"allow":["GET"]}}],"collection":[{"href":"https:\/\/kunsthallemessmer.de\/en\/wp-json\/wp\/v2\/pages"}],"about":[{"href":"https:\/\/kunsthallemessmer.de\/en\/wp-json\/wp\/v2\/types\/page"}],"author":[{"embeddable":true,"href":"https:\/\/kunsthallemessmer.de\/en\/wp-json\/wp\/v2\/users\/3"}],"replies":[{"embeddable":true,"href":"https:\/\/kunsthallemessmer.de\/en\/wp-json\/wp\/v2\/comments?post=8024"}],"version-history":[{"count":5,"href":"https:\/\/kunsthallemessmer.de\/en\/wp-json\/wp\/v2\/pages\/8024\/revisions"}],"predecessor-version":[{"id":9181,"href":"https:\/\/kunsthallemessmer.de\/en\/wp-json\/wp\/v2\/pages\/8024\/revisions\/9181"}],"up":[{"embeddable":true,"href":"https:\/\/kunsthallemessmer.de\/en\/wp-json\/wp\/v2\/pages\/4420"}],"wp:attachment":[{"href":"https:\/\/kunsthallemessmer.de\/en\/wp-json\/wp\/v2\/media?parent=8024"}],"curies":[{"name":"wp","href":"https:\/\/api.w.org\/{rel}","templated":true}]}}